{"id":1233,"date":"2013-07-06T22:26:56","date_gmt":"2013-07-06T20:26:56","guid":{"rendered":"http:\/\/www.neufundlaender-vom-baerenfels.de\/?page_id=1233"},"modified":"2014-04-16T20:18:25","modified_gmt":"2014-04-16T19:18:25","slug":"jankas-ausstellungserfolge","status":"publish","type":"page","link":"https:\/\/www.neufundlaender-vom-baerenfels.de\/?page_id=1233","title":{"rendered":"Ausstellungserfolge"},"content":{"rendered":"<p><a href=\"https:\/\/www.neufundlaender-vom-baerenfels.de\/wp-content\/uploads\/2014\/04\/Scan_Pic0049.jpg\"><img loading=\"lazy\" decoding=\"async\" class=\"alignright size-medium wp-image-2563\" alt=\"Scan_Pic0049\" src=\"https:\/\/www.neufundlaender-vom-baerenfels.de\/wp-content\/uploads\/2014\/04\/Scan_Pic0049-213x300.jpg\" width=\"213\" height=\"300\" srcset=\"https:\/\/www.neufundlaender-vom-baerenfels.de\/wp-content\/uploads\/2014\/04\/Scan_Pic0049-213x300.jpg 213w, https:\/\/www.neufundlaender-vom-baerenfels.de\/wp-content\/uploads\/2014\/04\/Scan_Pic0049.jpg 595w\" sizes=\"auto, (max-width: 213px) 100vw, 213px\" \/><\/a>Mit unserer Zuchth\u00fcndin Janka B\u00e4r von der Spessarth\u00f6he nehmen wir gerne an Ausstellungen teil und konnten schon einige Erfolge feiern.\u00a0<\/p>\n<p>Am 14.04.2014 wurde vom Europ\u00e4ischen Rassehunde Zuchtverband <a title=\"Hier geht's zum ERZ\" href=\"http:\/\/www.erz-ev.de\/\" target=\"_blank\">ERZ\u00a0e.V.\u00a0<\/a>die Championatsurkunde &#8222;Nationaler Champion&#8220; ausgestellt, nachdem drei Anwartschaften in der geforderten Zeitspanne erreicht wurden.\u00a0<\/p>\n<ul>\n<li>16.03.2014 14. NLC-Hessenschau 2014 in B\u00fcdingen-Lorbach<br \/>Offene Klasse V1 CAC<\/li>\n<li>12.05.2013 Hessensiegerschau 2013 in Fehlheim, <br \/>Offene Klasse V1 CACIB Hessensieger 2013<\/li>\n<li>21.04.2013 Spezialzuchtschau f\u00fcr Neufundl\u00e4nder in Baumholder<br \/>Offene Klasse V 2 VA<\/li>\n<li>24.03.2013 Bayernsiegerschau 2013 in Bergrothenfels<br \/>Offene Klasse V3 VA<br \/>Sieger Rothenfels 2013<br \/>Prinzessin von Bayern (sch\u00f6nste H\u00fcndin \u00fcber 45 cm)<\/li>\n<li>21.10.2012 Klubsiegerschau<br \/>Offene Klasse V1 CAC<\/li>\n<li>09.09.2012 Europasiegerschau in Hammelburg<br \/>Offene Klasse V2 CAC Saaletalsieger 2012<\/li>\n<li>20.05.2012 Hessensiegerschau 2012 in Fehlheim<br \/>Offene Klasse V1 CACIB Hessensieger 2012<\/li>\n<li>25.03.2012 Bayernsiegerschau 2012 in Bergrothenfels<br \/>Junghundklasse Sg 2<\/li>\n<li>23.10.2011 Klubsiegerschau 2011 in Biebesheim<br \/>Jugend V1 JA Jugendsieger 2011<br \/>Klubsiegerin 2011\n<div id='gallery-1' class='gallery galleryid-1233 gallery-columns-3 gallery-size-thumbnail'><figure class='gallery-item'>\n\t\t\t<div class='gallery-icon portrait'>\n\t\t\t\t<a href='https:\/\/www.neufundlaender-vom-baerenfels.de\/wp-content\/uploads\/2014\/03\/Janka-1.platz_.jpg'><img loading=\"lazy\" decoding=\"async\" width=\"150\" height=\"150\" src=\"https:\/\/www.neufundlaender-vom-baerenfels.de\/wp-content\/uploads\/2014\/03\/Janka-1.platz_-150x150.jpg\" class=\"attachment-thumbnail size-thumbnail\" alt=\"\" srcset=\"https:\/\/www.neufundlaender-vom-baerenfels.de\/wp-content\/uploads\/2014\/03\/Janka-1.platz_-150x150.jpg 150w, https:\/\/www.neufundlaender-vom-baerenfels.de\/wp-content\/uploads\/2014\/03\/Janka-1.platz_-144x144.jpg 144w\" sizes=\"auto, (max-width: 150px) 100vw, 150px\" \/><\/a>\n\t\t\t<\/div><\/figure><figure class='gallery-item'>\n\t\t\t<div class='gallery-icon portrait'>\n\t\t\t\t<a href='https:\/\/www.neufundlaender-vom-baerenfels.de\/wp-content\/uploads\/2013\/07\/9-Fehlheim-2013.jpg'><img loading=\"lazy\" decoding=\"async\" width=\"150\" height=\"150\" src=\"https:\/\/www.neufundlaender-vom-baerenfels.de\/wp-content\/uploads\/2013\/07\/9-Fehlheim-2013-150x150.jpg\" class=\"attachment-thumbnail size-thumbnail\" alt=\"\" \/><\/a>\n\t\t\t<\/div><\/figure><figure class='gallery-item'>\n\t\t\t<div class='gallery-icon portrait'>\n\t\t\t\t<a href='https:\/\/www.neufundlaender-vom-baerenfels.de\/wp-content\/uploads\/2013\/07\/8-Baumholder-2013.jpg'><img loading=\"lazy\" decoding=\"async\" width=\"150\" height=\"150\" src=\"https:\/\/www.neufundlaender-vom-baerenfels.de\/wp-content\/uploads\/2013\/07\/8-Baumholder-2013-150x150.jpg\" class=\"attachment-thumbnail size-thumbnail\" alt=\"\" \/><\/a>\n\t\t\t<\/div><\/figure><figure class='gallery-item'>\n\t\t\t<div class='gallery-icon portrait'>\n\t\t\t\t<a href='https:\/\/www.neufundlaender-vom-baerenfels.de\/wp-content\/uploads\/2013\/07\/7-Bergrothenfels-2013.jpg'><img loading=\"lazy\" decoding=\"async\" width=\"150\" height=\"150\" src=\"https:\/\/www.neufundlaender-vom-baerenfels.de\/wp-content\/uploads\/2013\/07\/7-Bergrothenfels-2013-150x150.jpg\" class=\"attachment-thumbnail size-thumbnail\" alt=\"\" \/><\/a>\n\t\t\t<\/div><\/figure><figure class='gallery-item'>\n\t\t\t<div class='gallery-icon landscape'>\n\t\t\t\t<a href='https:\/\/www.neufundlaender-vom-baerenfels.de\/wp-content\/uploads\/2013\/07\/6-Alsfeld-2012-Zuchtgruppe.jpg'><img loading=\"lazy\" decoding=\"async\" width=\"150\" height=\"150\" src=\"https:\/\/www.neufundlaender-vom-baerenfels.de\/wp-content\/uploads\/2013\/07\/6-Alsfeld-2012-Zuchtgruppe-150x150.jpg\" class=\"attachment-thumbnail size-thumbnail\" alt=\"\" \/><\/a>\n\t\t\t<\/div><\/figure><figure class='gallery-item'>\n\t\t\t<div class='gallery-icon portrait'>\n\t\t\t\t<a href='https:\/\/www.neufundlaender-vom-baerenfels.de\/wp-content\/uploads\/2013\/07\/5-Alsfeld-2012.jpg'><img loading=\"lazy\" decoding=\"async\" width=\"150\" height=\"150\" src=\"https:\/\/www.neufundlaender-vom-baerenfels.de\/wp-content\/uploads\/2013\/07\/5-Alsfeld-2012-150x150.jpg\" class=\"attachment-thumbnail size-thumbnail\" alt=\"\" \/><\/a>\n\t\t\t<\/div><\/figure><figure class='gallery-item'>\n\t\t\t<div class='gallery-icon portrait'>\n\t\t\t\t<a href='https:\/\/www.neufundlaender-vom-baerenfels.de\/wp-content\/uploads\/2013\/07\/4-Hammelburg-2012.jpg'><img loading=\"lazy\" decoding=\"async\" width=\"150\" height=\"150\" src=\"https:\/\/www.neufundlaender-vom-baerenfels.de\/wp-content\/uploads\/2013\/07\/4-Hammelburg-2012-150x150.jpg\" class=\"attachment-thumbnail size-thumbnail\" alt=\"\" \/><\/a>\n\t\t\t<\/div><\/figure><figure class='gallery-item'>\n\t\t\t<div class='gallery-icon portrait'>\n\t\t\t\t<a href='https:\/\/www.neufundlaender-vom-baerenfels.de\/wp-content\/uploads\/2013\/07\/Hessensiegerschau-2012a1.jpg'><img loading=\"lazy\" decoding=\"async\" width=\"150\" height=\"150\" src=\"https:\/\/www.neufundlaender-vom-baerenfels.de\/wp-content\/uploads\/2013\/07\/Hessensiegerschau-2012a1-150x150.jpg\" class=\"attachment-thumbnail size-thumbnail\" alt=\"\" \/><\/a>\n\t\t\t<\/div><\/figure><figure class='gallery-item'>\n\t\t\t<div class='gallery-icon portrait'>\n\t\t\t\t<a href='https:\/\/www.neufundlaender-vom-baerenfels.de\/wp-content\/uploads\/2013\/07\/2-Bergrothenfels-2012.jpg'><img loading=\"lazy\" decoding=\"async\" width=\"150\" height=\"150\" src=\"https:\/\/www.neufundlaender-vom-baerenfels.de\/wp-content\/uploads\/2013\/07\/2-Bergrothenfels-2012-150x150.jpg\" class=\"attachment-thumbnail size-thumbnail\" alt=\"\" \/><\/a>\n\t\t\t<\/div><\/figure><figure class='gallery-item'>\n\t\t\t<div class='gallery-icon portrait'>\n\t\t\t\t<a href='https:\/\/www.neufundlaender-vom-baerenfels.de\/wp-content\/uploads\/2013\/07\/1-Biebesheim-2011.jpg'><img loading=\"lazy\" decoding=\"async\" width=\"150\" height=\"150\" src=\"https:\/\/www.neufundlaender-vom-baerenfels.de\/wp-content\/uploads\/2013\/07\/1-Biebesheim-2011-150x150.jpg\" class=\"attachment-thumbnail size-thumbnail\" alt=\"\" \/><\/a>\n\t\t\t<\/div><\/figure><figure class='gallery-item'>\n\t\t\t<div class='gallery-icon landscape'>\n\t\t\t\t<a href='https:\/\/www.neufundlaender-vom-baerenfels.de\/wp-content\/uploads\/2013\/07\/Biebesheim-2011-Zuchtgruppe.jpg'><img loading=\"lazy\" decoding=\"async\" width=\"150\" height=\"150\" src=\"https:\/\/www.neufundlaender-vom-baerenfels.de\/wp-content\/uploads\/2013\/07\/Biebesheim-2011-Zuchtgruppe-150x150.jpg\" class=\"attachment-thumbnail size-thumbnail\" alt=\"\" \/><\/a>\n\t\t\t<\/div><\/figure>\n\t\t<\/div>\n\n<\/li>\n<\/ul>\n","protected":false},"excerpt":{"rendered":"<p>Mit unserer Zuchth\u00fcndin Janka B\u00e4r von der Spessarth\u00f6he nehmen wir gerne an Ausstellungen teil und konnten schon einige Erfolge feiern.\u00a0 Am 14.04.2014 wurde vom Europ\u00e4ischen Rassehunde Zuchtverband ERZ\u00a0e.V.\u00a0die Championatsurkunde &#8222;Nationaler Champion&#8220; ausgestellt, nachdem drei Anwartschaften in der geforderten Zeitspanne erreicht wurden.\u00a0 16.03.2014 14. NLC-Hessenschau 2014 in B\u00fcdingen-LorbachOffene Klasse V1 CAC 12.05.2013 Hessensiegerschau 2013 in Fehlheim, &hellip; <a href=\"https:\/\/www.neufundlaender-vom-baerenfels.de\/?page_id=1233\" class=\"more-link\"><span class=\"screen-reader-text\">Ausstellungserfolge<\/span> weiterlesen <span class=\"meta-nav\">&rarr;<\/span><\/a><\/p>\n","protected":false},"author":1,"featured_media":0,"parent":52,"menu_order":0,"comment_status":"closed","ping_status":"closed","template":"","meta":{"ngg_post_thumbnail":0,"footnotes":""},"class_list":["post-1233","page","type-page","status-publish","hentry"],"_links":{"self":[{"href":"https:\/\/www.neufundlaender-vom-baerenfels.de\/index.php?rest_route=\/wp\/v2\/pages\/1233","targetHints":{"allow":["GET"]}}],"collection":[{"href":"https:\/\/www.neufundlaender-vom-baerenfels.de\/index.php?rest_route=\/wp\/v2\/pages"}],"about":[{"href":"https:\/\/www.neufundlaender-vom-baerenfels.de\/index.php?rest_route=\/wp\/v2\/types\/page"}],"author":[{"embeddable":true,"href":"https:\/\/www.neufundlaender-vom-baerenfels.de\/index.php?rest_route=\/wp\/v2\/users\/1"}],"replies":[{"embeddable":true,"href":"https:\/\/www.neufundlaender-vom-baerenfels.de\/index.php?rest_route=%2Fwp%2Fv2%2Fcomments&post=1233"}],"version-history":[{"count":29,"href":"https:\/\/www.neufundlaender-vom-baerenfels.de\/index.php?rest_route=\/wp\/v2\/pages\/1233\/revisions"}],"predecessor-version":[{"id":2460,"href":"https:\/\/www.neufundlaender-vom-baerenfels.de\/index.php?rest_route=\/wp\/v2\/pages\/1233\/revisions\/2460"}],"up":[{"embeddable":true,"href":"https:\/\/www.neufundlaender-vom-baerenfels.de\/index.php?rest_route=\/wp\/v2\/pages\/52"}],"wp:attachment":[{"href":"https:\/\/www.neufundlaender-vom-baerenfels.de\/index.php?rest_route=%2Fwp%2Fv2%2Fmedia&parent=1233"}],"curies":[{"name":"wp","href":"https:\/\/api.w.org\/{rel}","templated":true}]}}