{"id":1960,"date":"2013-10-13T13:14:53","date_gmt":"2013-10-13T11:14:53","guid":{"rendered":"http:\/\/www.neufundlaender-vom-baerenfels.de\/?page_id=1960"},"modified":"2020-04-12T13:45:40","modified_gmt":"2020-04-12T12:45:40","slug":"alfred","status":"publish","type":"page","link":"https:\/\/www.neufundlaender-vom-baerenfels.de\/?page_id=1960","title":{"rendered":"Alfred vom B\u00e4renfels"},"content":{"rendered":"<p><img loading=\"lazy\" decoding=\"async\" class=\"alignleft size-medium wp-image-1856\" src=\"https:\/\/www.neufundlaender-vom-baerenfels.de\/wp-content\/uploads\/2013\/10\/N0253-223x300.jpg\" alt=\"N0253\" width=\"223\" height=\"300\" srcset=\"https:\/\/www.neufundlaender-vom-baerenfels.de\/wp-content\/uploads\/2013\/10\/N0253-223x300.jpg 223w, https:\/\/www.neufundlaender-vom-baerenfels.de\/wp-content\/uploads\/2013\/10\/N0253.jpg 573w\" sizes=\"auto, (max-width: 223px) 100vw, 223px\" \/><\/p>\n<p>Unser R\u00fcde Alfred erblickte am 06.08.2013 als Zweitgeborener unseres A-Wurfs das Licht der Welt. Er wog bei seiner Geburt 515 g.<\/p>\n<p>Wir tr\u00e4umten schon immer von einem kr\u00e4ftigen, braunen R\u00fcden. Mit Alfred vom B\u00e4renfels haben wir uns diesen Traum erf\u00fcllt und sind nun sehr gespannt, wie er sich weiter entwickelt.<\/p>\n<p>Einen ausgepr\u00e4gten &#8222;R\u00fcdenkopf&#8220; und gro\u00dfe Pfoten hat er nun schon im Alter von 10 Wochen &#8211; und ein &#8222;Kampfgewicht&#8220; von 15,5 kg.<\/p>\n<p><img loading=\"lazy\" decoding=\"async\" class=\"alignnone wp-image-2127\" src=\"https:\/\/www.neufundlaender-vom-baerenfels.de\/wp-content\/uploads\/2013\/10\/N0795.jpg\" alt=\"Alfred vom B\u00e4renfels mit 12 Wochen\" width=\"561\" height=\"768\" srcset=\"https:\/\/www.neufundlaender-vom-baerenfels.de\/wp-content\/uploads\/2013\/10\/N0795.jpg 561w, https:\/\/www.neufundlaender-vom-baerenfels.de\/wp-content\/uploads\/2013\/10\/N0795-219x300.jpg 219w\" sizes=\"auto, (max-width: 561px) 100vw, 561px\" \/><\/p>\n<p>Hier ist Alfred 12 Wochen alt und bringt 21 kg auf die Waage:<\/p>\n<div id='gallery-1' class='gallery galleryid-1960 gallery-columns-4 gallery-size-thumbnail'><figure class='gallery-item'>\n\t\t\t<div class='gallery-icon landscape'>\n\t\t\t\t<a href='https:\/\/www.neufundlaender-vom-baerenfels.de\/?attachment_id=2045'><img loading=\"lazy\" decoding=\"async\" width=\"150\" height=\"150\" src=\"https:\/\/www.neufundlaender-vom-baerenfels.de\/wp-content\/uploads\/2013\/10\/N0723-150x150.jpg\" class=\"attachment-thumbnail size-thumbnail\" alt=\"\" \/><\/a>\n\t\t\t<\/div><\/figure><figure class='gallery-item'>\n\t\t\t<div class='gallery-icon landscape'>\n\t\t\t\t<a href='https:\/\/www.neufundlaender-vom-baerenfels.de\/?attachment_id=2044'><img loading=\"lazy\" decoding=\"async\" width=\"150\" height=\"150\" src=\"https:\/\/www.neufundlaender-vom-baerenfels.de\/wp-content\/uploads\/2013\/10\/N0706-150x150.jpg\" class=\"attachment-thumbnail size-thumbnail\" alt=\"\" \/><\/a>\n\t\t\t<\/div><\/figure><figure class='gallery-item'>\n\t\t\t<div class='gallery-icon landscape'>\n\t\t\t\t<a href='https:\/\/www.neufundlaender-vom-baerenfels.de\/?attachment_id=2043'><img loading=\"lazy\" decoding=\"async\" width=\"150\" height=\"150\" src=\"https:\/\/www.neufundlaender-vom-baerenfels.de\/wp-content\/uploads\/2013\/10\/N0703-150x150.jpg\" class=\"attachment-thumbnail size-thumbnail\" alt=\"\" \/><\/a>\n\t\t\t<\/div><\/figure><figure class='gallery-item'>\n\t\t\t<div class='gallery-icon landscape'>\n\t\t\t\t<a href='https:\/\/www.neufundlaender-vom-baerenfels.de\/?attachment_id=2042'><img loading=\"lazy\" decoding=\"async\" width=\"150\" height=\"150\" src=\"https:\/\/www.neufundlaender-vom-baerenfels.de\/wp-content\/uploads\/2013\/10\/N0696-150x150.jpg\" class=\"attachment-thumbnail size-thumbnail\" alt=\"\" \/><\/a>\n\t\t\t<\/div><\/figure><figure class='gallery-item'>\n\t\t\t<div class='gallery-icon landscape'>\n\t\t\t\t<a href='https:\/\/www.neufundlaender-vom-baerenfels.de\/?attachment_id=2041'><img loading=\"lazy\" decoding=\"async\" width=\"150\" height=\"150\" src=\"https:\/\/www.neufundlaender-vom-baerenfels.de\/wp-content\/uploads\/2013\/10\/N0679-150x150.jpg\" class=\"attachment-thumbnail size-thumbnail\" alt=\"\" \/><\/a>\n\t\t\t<\/div><\/figure><figure class='gallery-item'>\n\t\t\t<div class='gallery-icon landscape'>\n\t\t\t\t<a href='https:\/\/www.neufundlaender-vom-baerenfels.de\/?attachment_id=2040'><img loading=\"lazy\" decoding=\"async\" width=\"150\" height=\"150\" src=\"https:\/\/www.neufundlaender-vom-baerenfels.de\/wp-content\/uploads\/2013\/10\/N0634-150x150.jpg\" class=\"attachment-thumbnail size-thumbnail\" alt=\"\" \/><\/a>\n\t\t\t<\/div><\/figure><figure class='gallery-item'>\n\t\t\t<div class='gallery-icon landscape'>\n\t\t\t\t<a href='https:\/\/www.neufundlaender-vom-baerenfels.de\/?attachment_id=2039'><img loading=\"lazy\" decoding=\"async\" width=\"150\" height=\"150\" src=\"https:\/\/www.neufundlaender-vom-baerenfels.de\/wp-content\/uploads\/2013\/10\/N0613-150x150.jpg\" class=\"attachment-thumbnail size-thumbnail\" alt=\"\" \/><\/a>\n\t\t\t<\/div><\/figure><figure class='gallery-item'>\n\t\t\t<div class='gallery-icon landscape'>\n\t\t\t\t<a href='https:\/\/www.neufundlaender-vom-baerenfels.de\/?attachment_id=2037'><img loading=\"lazy\" decoding=\"async\" width=\"150\" height=\"150\" src=\"https:\/\/www.neufundlaender-vom-baerenfels.de\/wp-content\/uploads\/2013\/10\/N0524-150x150.jpg\" class=\"attachment-thumbnail size-thumbnail\" alt=\"\" \/><\/a>\n\t\t\t<\/div><\/figure>\n\t\t<\/div>\n\n<p>Alfred vom B\u00e4renfels mit 6 Monaten auf dem Hundeplatz:<br \/>\n<a href=\"https:\/\/www.neufundlaender-vom-baerenfels.de\/wp-content\/uploads\/2013\/10\/CN0722.jpg\"><img loading=\"lazy\" decoding=\"async\" class=\"alignright wp-image-2636\" src=\"https:\/\/www.neufundlaender-vom-baerenfels.de\/wp-content\/uploads\/2013\/10\/CN0722.jpg\" alt=\"CN0722\" width=\"561\" height=\"768\" srcset=\"https:\/\/www.neufundlaender-vom-baerenfels.de\/wp-content\/uploads\/2013\/10\/CN0722.jpg 561w, https:\/\/www.neufundlaender-vom-baerenfels.de\/wp-content\/uploads\/2013\/10\/CN0722-219x300.jpg 219w\" sizes=\"auto, (max-width: 561px) 100vw, 561px\" \/><\/a><\/p>\n<p>&#8230; bei seiner Lieblingsbesch\u00e4ftigung: &#8222;Chillen&#8220;<a href=\"https:\/\/www.neufundlaender-vom-baerenfels.de\/wp-content\/uploads\/2013\/10\/CN0630.jpg\"><img loading=\"lazy\" decoding=\"async\" class=\"alignright size-full wp-image-2632\" src=\"https:\/\/www.neufundlaender-vom-baerenfels.de\/wp-content\/uploads\/2013\/10\/CN0630.jpg\" alt=\"CN0630\" width=\"768\" height=\"561\" srcset=\"https:\/\/www.neufundlaender-vom-baerenfels.de\/wp-content\/uploads\/2013\/10\/CN0630.jpg 768w, https:\/\/www.neufundlaender-vom-baerenfels.de\/wp-content\/uploads\/2013\/10\/CN0630-300x219.jpg 300w\" sizes=\"auto, (max-width: 768px) 100vw, 768px\" \/><\/a> <a href=\"https:\/\/www.neufundlaender-vom-baerenfels.de\/wp-content\/uploads\/2013\/10\/CN0668.jpg\"><img loading=\"lazy\" decoding=\"async\" class=\"alignright size-full wp-image-2634\" src=\"https:\/\/www.neufundlaender-vom-baerenfels.de\/wp-content\/uploads\/2013\/10\/CN0668.jpg\" alt=\"CN0668\" width=\"768\" height=\"561\" srcset=\"https:\/\/www.neufundlaender-vom-baerenfels.de\/wp-content\/uploads\/2013\/10\/CN0668.jpg 768w, https:\/\/www.neufundlaender-vom-baerenfels.de\/wp-content\/uploads\/2013\/10\/CN0668-300x219.jpg 300w\" sizes=\"auto, (max-width: 768px) 100vw, 768px\" \/><\/a><\/p>\n<p>&#8230;.&#8220;Mithilfe&#8220; bei der K\u00fcchenarbeit:<a href=\"https:\/\/www.neufundlaender-vom-baerenfels.de\/wp-content\/uploads\/2013\/10\/CN0672.jpg\"><img loading=\"lazy\" decoding=\"async\" class=\"alignright wp-image-2635\" src=\"https:\/\/www.neufundlaender-vom-baerenfels.de\/wp-content\/uploads\/2013\/10\/CN0672.jpg\" alt=\"CN0672\" width=\"561\" height=\"768\" srcset=\"https:\/\/www.neufundlaender-vom-baerenfels.de\/wp-content\/uploads\/2013\/10\/CN0672.jpg 561w, https:\/\/www.neufundlaender-vom-baerenfels.de\/wp-content\/uploads\/2013\/10\/CN0672-219x300.jpg 219w\" sizes=\"auto, (max-width: 561px) 100vw, 561px\" \/><\/a><a href=\"https:\/\/www.neufundlaender-vom-baerenfels.de\/wp-content\/uploads\/2013\/10\/CN0781.jpg\"><img loading=\"lazy\" decoding=\"async\" class=\"alignright wp-image-2638\" src=\"https:\/\/www.neufundlaender-vom-baerenfels.de\/wp-content\/uploads\/2013\/10\/CN0781.jpg\" alt=\"CN0781\" width=\"561\" height=\"768\" srcset=\"https:\/\/www.neufundlaender-vom-baerenfels.de\/wp-content\/uploads\/2013\/10\/CN0781.jpg 561w, https:\/\/www.neufundlaender-vom-baerenfels.de\/wp-content\/uploads\/2013\/10\/CN0781-219x300.jpg 219w\" sizes=\"auto, (max-width: 561px) 100vw, 561px\" \/><\/a><\/p>\n<p><a href=\"https:\/\/www.neufundlaender-vom-baerenfels.de\/wp-content\/uploads\/2013\/10\/CN0631.jpg\"><img loading=\"lazy\" decoding=\"async\" class=\"alignright size-full wp-image-2633\" src=\"https:\/\/www.neufundlaender-vom-baerenfels.de\/wp-content\/uploads\/2013\/10\/CN0631.jpg\" alt=\"CN0631\" width=\"768\" height=\"561\" srcset=\"https:\/\/www.neufundlaender-vom-baerenfels.de\/wp-content\/uploads\/2013\/10\/CN0631.jpg 768w, https:\/\/www.neufundlaender-vom-baerenfels.de\/wp-content\/uploads\/2013\/10\/CN0631-300x219.jpg 300w\" sizes=\"auto, (max-width: 768px) 100vw, 768px\" \/><\/a><\/p>\n<p>ADKN-Wanderung in Eichenzell:<br \/>\n<a href=\"https:\/\/www.neufundlaender-vom-baerenfels.de\/wp-content\/uploads\/2014\/05\/CN9980.jpg\"><img loading=\"lazy\" decoding=\"async\" class=\"aligncenter size-full wp-image-2661\" src=\"https:\/\/www.neufundlaender-vom-baerenfels.de\/wp-content\/uploads\/2014\/05\/CN9980.jpg\" alt=\"CN9980\" width=\"768\" height=\"561\" srcset=\"https:\/\/www.neufundlaender-vom-baerenfels.de\/wp-content\/uploads\/2014\/05\/CN9980.jpg 768w, https:\/\/www.neufundlaender-vom-baerenfels.de\/wp-content\/uploads\/2014\/05\/CN9980-300x219.jpg 300w\" sizes=\"auto, (max-width: 768px) 100vw, 768px\" \/><\/a>VH-Sommersiegerschau in Adelsberg:<br \/>\n<a href=\"https:\/\/www.neufundlaender-vom-baerenfels.de\/wp-content\/uploads\/2014\/06\/CN0553.jpg\"><img loading=\"lazy\" decoding=\"async\" class=\"aligncenter wp-image-2710\" src=\"https:\/\/www.neufundlaender-vom-baerenfels.de\/wp-content\/uploads\/2014\/06\/CN0553.jpg\" alt=\"CN0553\" width=\"591\" height=\"768\" srcset=\"https:\/\/www.neufundlaender-vom-baerenfels.de\/wp-content\/uploads\/2014\/06\/CN0553.jpg 591w, https:\/\/www.neufundlaender-vom-baerenfels.de\/wp-content\/uploads\/2014\/06\/CN0553-230x300.jpg 230w\" sizes=\"auto, (max-width: 591px) 100vw, 591px\" \/><\/a><\/p>\n\n\n<p>Hier unser Alfred im April 2020 im Alter von sechs Jahren:<\/p>\n\n\n\n\n\n\n\nngg_shortcode_0_placeholder\n","protected":false},"excerpt":{"rendered":"<p>Unser R\u00fcde Alfred erblickte am 06.08.2013 als Zweitgeborener unseres A-Wurfs das Licht der Welt. Er wog bei seiner Geburt 515 g. Wir tr\u00e4umten schon immer von einem kr\u00e4ftigen, braunen R\u00fcden. Mit Alfred vom B\u00e4renfels haben wir uns diesen Traum erf\u00fcllt und sind nun sehr gespannt, wie er sich weiter entwickelt. Einen ausgepr\u00e4gten &#8222;R\u00fcdenkopf&#8220; und gro\u00dfe &hellip; <a href=\"https:\/\/www.neufundlaender-vom-baerenfels.de\/?page_id=1960\" class=\"more-link\"><span class=\"screen-reader-text\">Alfred vom B\u00e4renfels<\/span> weiterlesen <span class=\"meta-nav\">&rarr;<\/span><\/a><\/p>\n","protected":false},"author":1,"featured_media":7281,"parent":1956,"menu_order":0,"comment_status":"closed","ping_status":"closed","template":"","meta":{"ngg_post_thumbnail":0,"footnotes":""},"class_list":["post-1960","page","type-page","status-publish","has-post-thumbnail","hentry"],"_links":{"self":[{"href":"https:\/\/www.neufundlaender-vom-baerenfels.de\/index.php?rest_route=\/wp\/v2\/pages\/1960","targetHints":{"allow":["GET"]}}],"collection":[{"href":"https:\/\/www.neufundlaender-vom-baerenfels.de\/index.php?rest_route=\/wp\/v2\/pages"}],"about":[{"href":"https:\/\/www.neufundlaender-vom-baerenfels.de\/index.php?rest_route=\/wp\/v2\/types\/page"}],"author":[{"embeddable":true,"href":"https:\/\/www.neufundlaender-vom-baerenfels.de\/index.php?rest_route=\/wp\/v2\/users\/1"}],"replies":[{"embeddable":true,"href":"https:\/\/www.neufundlaender-vom-baerenfels.de\/index.php?rest_route=%2Fwp%2Fv2%2Fcomments&post=1960"}],"version-history":[{"count":27,"href":"https:\/\/www.neufundlaender-vom-baerenfels.de\/index.php?rest_route=\/wp\/v2\/pages\/1960\/revisions"}],"predecessor-version":[{"id":7317,"href":"https:\/\/www.neufundlaender-vom-baerenfels.de\/index.php?rest_route=\/wp\/v2\/pages\/1960\/revisions\/7317"}],"up":[{"embeddable":true,"href":"https:\/\/www.neufundlaender-vom-baerenfels.de\/index.php?rest_route=\/wp\/v2\/pages\/1956"}],"wp:featuredmedia":[{"embeddable":true,"href":"https:\/\/www.neufundlaender-vom-baerenfels.de\/index.php?rest_route=\/wp\/v2\/media\/7281"}],"wp:attachment":[{"href":"https:\/\/www.neufundlaender-vom-baerenfels.de\/index.php?rest_route=%2Fwp%2Fv2%2Fmedia&parent=1960"}],"curies":[{"name":"wp","href":"https:\/\/api.w.org\/{rel}","templated":true}]}}