{"id":321,"date":"2012-10-14T14:02:14","date_gmt":"2012-10-14T12:02:14","guid":{"rendered":"http:\/\/rod.zwoplus.com\/?page_id=321"},"modified":"2013-10-28T22:09:58","modified_gmt":"2013-10-28T20:09:58","slug":"a-wurf","status":"publish","type":"page","link":"https:\/\/www.neufundlaender-vom-baerenfels.de\/?page_id=321","title":{"rendered":"A-Wurf"},"content":{"rendered":"<p>Ultraschall-Untersuchung am Donnerstag, 04.07.2013 best\u00e4tigt: Janka ist tr\u00e4chtig.<br \/><strong>Um den 08.08.2013 erwarten wir schwarze und braune Welpen!<\/strong><br \/>Vater:\u00a0\u00a0<strong><span style=\"text-decoration: underline;\">Lennox Bear vom Menhardsweiler Tal<\/span><\/strong> von Carolin K\u00fchnl, Laufach-Hain<br \/>Mutter:\u00a0 <strong><span style=\"text-decoration: underline;\">Janka B\u00e4r von der Spessarth\u00f6he<\/span><\/strong> <strong><span style=\"text-decoration: underline;\"><br \/><\/span><\/strong><\/p>\n<p><a href=\"https:\/\/www.neufundlaender-vom-baerenfels.de\/wp-content\/uploads\/2012\/10\/Lennox-und-Janka.jpg\"><img loading=\"lazy\" decoding=\"async\" class=\"alignleft size-full wp-image-771\" alt=\"Lennox-und-Janka\" src=\"https:\/\/www.neufundlaender-vom-baerenfels.de\/wp-content\/uploads\/2012\/10\/Lennox-und-Janka.jpg\" width=\"1624\" height=\"672\" srcset=\"https:\/\/www.neufundlaender-vom-baerenfels.de\/wp-content\/uploads\/2012\/10\/Lennox-und-Janka.jpg 1624w, https:\/\/www.neufundlaender-vom-baerenfels.de\/wp-content\/uploads\/2012\/10\/Lennox-und-Janka-300x124.jpg 300w, https:\/\/www.neufundlaender-vom-baerenfels.de\/wp-content\/uploads\/2012\/10\/Lennox-und-Janka-1024x423.jpg 1024w, https:\/\/www.neufundlaender-vom-baerenfels.de\/wp-content\/uploads\/2012\/10\/Lennox-und-Janka-500x206.jpg 500w\" sizes=\"auto, (max-width: 1624px) 100vw, 1624px\" \/><\/a><\/p>\n<h1>Abenteuer Geburt:<\/h1>\n<p>Unsere Janka wurde bereits am Dienstag fr\u00fch, 06.08.2013 um 3:00 Uhr schlagartig unruhig und weckte gleich mal ihr Frauchen. In tiefster Dunkelheit wanderten dann die beiden durch Haus und Garten. Scheinbar gen\u00fcgte die\u00a0 &#8211; nach bester Handwerkskunst gefertigte &#8211; und im Wohnzimmer bereits aufgestellte Wurfkiste zun\u00e4chst nicht Jankas Anspr\u00fcchen.<\/p>\n<p>Trotz mehrmaligem Rundgang fand Janka aber nicht den geeigneten Platz f\u00fcr eine Wurfkuhle. Die Entscheidung fiel dann im Laufe des Vormittags. Janka begann an einer schattigen Ecke im Garten mit Erdarbeiten.<\/p>\n<p>Nach mehrmaligen Erweiterungen und Probeliegen war unsere werdende Mutter am fr\u00fchen Nachmittag mit ihrem Werk zufrieden.<\/p>\n<p>Gegen 16:00 Uhr machte ein Unwetter Janka&#8217;s Arbeit zunichte. Die heimelige Kuhle verwandelte sich in ein Schlammloch. Die lauten Donnerschl\u00e4ge trugen noch dazu bei, dass Janka keine Ruhe fand.<\/p>\n<p>Um 19:30 Uhr ging Janka in den Garten um sich zu erleichtern. Welch eine \u00dcberraschung, als sich der &#8222;Haufen&#8220; als Welpe mit Nachgeburt entpuppte. Scheinbar war Janka selbst \u00fcberrascht, da sie &#8211; statt sich um den Welpen zu k\u00fcmmern &#8211; ihre Quitsche-Ente in Sicherheit brachte. Schnurstracks suchte sie den gef\u00fchlt sichersten Ort aus &#8211; Frauchens Kleinwagen Matiz (ohne R\u00fccksitzbank) in der Garage. Hier kam dann auch der zweite Welpe zur Welt; den sie selbst\u00e4ndig abnabelte und auch s\u00e4ugte.<\/p>\n<p>Da Janka keine Ruhe fand und auch kein weiterer Welpe kam, fuhren wir in die Klinik zum R\u00f6ntgen. Kein Welpe war mehr zu finden.<\/p>\n<p>Janka reagiert auf die Rufe ihrer Welpen, muss sich aber noch in die neue Rolle als Mutter einfinden.<\/p>\n<p>Aus dem Welpentagebuch:<\/p>\n<p>06.08.2013 um 19:40 Uhr: Schwarzer R\u00fcde &#8211; Anton vom B\u00e4renfels, geboren im Garten, Geburtsgewicht 360 g!<br \/><a href=\"https:\/\/www.neufundlaender-vom-baerenfels.de\/wp-content\/uploads\/2012\/10\/Anton.jpg\"><img loading=\"lazy\" decoding=\"async\" class=\"alignleft size-full wp-image-1290\" title=\"Anton\" alt=\"\" src=\"https:\/\/www.neufundlaender-vom-baerenfels.de\/wp-content\/uploads\/2012\/10\/Anton.jpg\" width=\"886\" height=\"591\" srcset=\"https:\/\/www.neufundlaender-vom-baerenfels.de\/wp-content\/uploads\/2012\/10\/Anton.jpg 886w, https:\/\/www.neufundlaender-vom-baerenfels.de\/wp-content\/uploads\/2012\/10\/Anton-300x200.jpg 300w, https:\/\/www.neufundlaender-vom-baerenfels.de\/wp-content\/uploads\/2012\/10\/Anton-449x300.jpg 449w\" sizes=\"auto, (max-width: 886px) 100vw, 886px\" \/><\/a><\/p>\n<p>06.08.2013 um 20:37 Uhr: Brauner R\u00fcde &#8211; Alfred vom B\u00e4renfels, geboren im Matiz, Geburtsgewicht 515 g<br \/><a href=\"https:\/\/www.neufundlaender-vom-baerenfels.de\/wp-content\/uploads\/2012\/10\/Alfred.jpg\"><img loading=\"lazy\" decoding=\"async\" class=\"alignleft size-full wp-image-1289\" title=\"Alfred\" alt=\"\" src=\"https:\/\/www.neufundlaender-vom-baerenfels.de\/wp-content\/uploads\/2012\/10\/Alfred.jpg\" width=\"886\" height=\"591\" srcset=\"https:\/\/www.neufundlaender-vom-baerenfels.de\/wp-content\/uploads\/2012\/10\/Alfred.jpg 886w, https:\/\/www.neufundlaender-vom-baerenfels.de\/wp-content\/uploads\/2012\/10\/Alfred-300x200.jpg 300w, https:\/\/www.neufundlaender-vom-baerenfels.de\/wp-content\/uploads\/2012\/10\/Alfred-449x300.jpg 449w\" sizes=\"auto, (max-width: 886px) 100vw, 886px\" \/><\/a><\/p>\n<p>\u00a0So, jetzt sind wir im sechsten Tag. Janka s\u00e4ugt die Welpen, kontrolliert ab und zu, ob noch beide da sind, k\u00fcmmert sich aber ansonsten leider nicht um die beiden R\u00fcden. B\u00e4uchlein massieren und s\u00e4ubern geh\u00f6ren somit zu den Aufgaben von Frauchen und Herrchen.<br \/>Da die beiden W\u00fcrmchen so verloren in der gro\u00dfen Wurfbox verstreut lagen, haben wir einen Teddyb\u00e4r zum Kuscheln reingesetzt.<\/p>\n<p><a href=\"https:\/\/www.neufundlaender-vom-baerenfels.de\/wp-content\/uploads\/2012\/10\/N7269.jpg\"><img loading=\"lazy\" decoding=\"async\" class=\"alignleft size-full wp-image-1365\" alt=\"N7269\" src=\"https:\/\/www.neufundlaender-vom-baerenfels.de\/wp-content\/uploads\/2012\/10\/N7269.jpg\" width=\"886\" height=\"591\" srcset=\"https:\/\/www.neufundlaender-vom-baerenfels.de\/wp-content\/uploads\/2012\/10\/N7269.jpg 886w, https:\/\/www.neufundlaender-vom-baerenfels.de\/wp-content\/uploads\/2012\/10\/N7269-300x200.jpg 300w, https:\/\/www.neufundlaender-vom-baerenfels.de\/wp-content\/uploads\/2012\/10\/N7269-449x300.jpg 449w\" sizes=\"auto, (max-width: 886px) 100vw, 886px\" \/><\/a><\/p>\n<p>\u00a0An den &#8222;Welpenbox-Teddy&#8220; wird dann gekuschelt und nach dem S\u00e4ugen ein Nickerchen gemacht.<\/p>\n<p>Zur Dokumentation des Welpenwachstums haben wir einen weiteren Teddyb\u00e4r als Model unter Vertrag! Da gibt es w\u00f6chentlich ein Foto-Shooting! Viel Spass beim Vergleich:<\/p>\n<p><a href=\"https:\/\/www.neufundlaender-vom-baerenfels.de\/wp-content\/uploads\/2012\/10\/Teddy-08.08.2013.jpg\"><img loading=\"lazy\" decoding=\"async\" class=\"aligncenter size-full wp-image-1379\" alt=\"Teddy 08.08.2013\" src=\"https:\/\/www.neufundlaender-vom-baerenfels.de\/wp-content\/uploads\/2012\/10\/Teddy-08.08.2013.jpg\" width=\"1221\" height=\"852\" srcset=\"https:\/\/www.neufundlaender-vom-baerenfels.de\/wp-content\/uploads\/2012\/10\/Teddy-08.08.2013.jpg 1221w, https:\/\/www.neufundlaender-vom-baerenfels.de\/wp-content\/uploads\/2012\/10\/Teddy-08.08.2013-300x209.jpg 300w, https:\/\/www.neufundlaender-vom-baerenfels.de\/wp-content\/uploads\/2012\/10\/Teddy-08.08.2013-1024x714.jpg 1024w, https:\/\/www.neufundlaender-vom-baerenfels.de\/wp-content\/uploads\/2012\/10\/Teddy-08.08.2013-429x300.jpg 429w\" sizes=\"auto, (max-width: 1221px) 100vw, 1221px\" \/><\/a><a href=\"https:\/\/www.neufundlaender-vom-baerenfels.de\/wp-content\/uploads\/2012\/10\/Teddy-13.08.2013.jpg\"><img loading=\"lazy\" decoding=\"async\" class=\"aligncenter size-full wp-image-1385\" alt=\"Teddy 13.08.2013\" src=\"https:\/\/www.neufundlaender-vom-baerenfels.de\/wp-content\/uploads\/2012\/10\/Teddy-13.08.2013.jpg\" width=\"1202\" height=\"886\" srcset=\"https:\/\/www.neufundlaender-vom-baerenfels.de\/wp-content\/uploads\/2012\/10\/Teddy-13.08.2013.jpg 1202w, https:\/\/www.neufundlaender-vom-baerenfels.de\/wp-content\/uploads\/2012\/10\/Teddy-13.08.2013-300x221.jpg 300w, https:\/\/www.neufundlaender-vom-baerenfels.de\/wp-content\/uploads\/2012\/10\/Teddy-13.08.2013-1024x754.jpg 1024w, https:\/\/www.neufundlaender-vom-baerenfels.de\/wp-content\/uploads\/2012\/10\/Teddy-13.08.2013-406x300.jpg 406w\" sizes=\"auto, (max-width: 1202px) 100vw, 1202px\" \/><\/a><a href=\"https:\/\/www.neufundlaender-vom-baerenfels.de\/wp-content\/uploads\/2012\/10\/N7841.jpg\"><img loading=\"lazy\" decoding=\"async\" class=\"aligncenter size-full wp-image-1429\" alt=\"N7841\" src=\"https:\/\/www.neufundlaender-vom-baerenfels.de\/wp-content\/uploads\/2012\/10\/N7841.jpg\" width=\"6144\" height=\"4000\" srcset=\"https:\/\/www.neufundlaender-vom-baerenfels.de\/wp-content\/uploads\/2012\/10\/N7841.jpg 6144w, https:\/\/www.neufundlaender-vom-baerenfels.de\/wp-content\/uploads\/2012\/10\/N7841-300x195.jpg 300w, https:\/\/www.neufundlaender-vom-baerenfels.de\/wp-content\/uploads\/2012\/10\/N7841-1024x666.jpg 1024w, https:\/\/www.neufundlaender-vom-baerenfels.de\/wp-content\/uploads\/2012\/10\/N7841-460x300.jpg 460w\" sizes=\"auto, (max-width: 6144px) 100vw, 6144px\" \/><\/a><a href=\"https:\/\/www.neufundlaender-vom-baerenfels.de\/wp-content\/uploads\/2013\/08\/Teddy-280813.jpg\"><img loading=\"lazy\" decoding=\"async\" class=\"aligncenter size-full wp-image-1541\" alt=\"Teddy 280813\" src=\"https:\/\/www.neufundlaender-vom-baerenfels.de\/wp-content\/uploads\/2013\/08\/Teddy-280813.jpg\" width=\"886\" height=\"561\" srcset=\"https:\/\/www.neufundlaender-vom-baerenfels.de\/wp-content\/uploads\/2013\/08\/Teddy-280813.jpg 886w, https:\/\/www.neufundlaender-vom-baerenfels.de\/wp-content\/uploads\/2013\/08\/Teddy-280813-300x189.jpg 300w, https:\/\/www.neufundlaender-vom-baerenfels.de\/wp-content\/uploads\/2013\/08\/Teddy-280813-473x300.jpg 473w\" sizes=\"auto, (max-width: 886px) 100vw, 886px\" \/><\/a><a href=\"https:\/\/www.neufundlaender-vom-baerenfels.de\/wp-content\/uploads\/2012\/10\/Teddy-040913.jpg\"><img loading=\"lazy\" decoding=\"async\" class=\"aligncenter size-full wp-image-1584\" alt=\"Teddy 040913\" src=\"https:\/\/www.neufundlaender-vom-baerenfels.de\/wp-content\/uploads\/2012\/10\/Teddy-040913.jpg\" width=\"886\" height=\"561\" srcset=\"https:\/\/www.neufundlaender-vom-baerenfels.de\/wp-content\/uploads\/2012\/10\/Teddy-040913.jpg 886w, https:\/\/www.neufundlaender-vom-baerenfels.de\/wp-content\/uploads\/2012\/10\/Teddy-040913-300x189.jpg 300w, https:\/\/www.neufundlaender-vom-baerenfels.de\/wp-content\/uploads\/2012\/10\/Teddy-040913-473x300.jpg 473w\" sizes=\"auto, (max-width: 886px) 100vw, 886px\" \/><\/a><\/p>\n<p><a href=\"https:\/\/www.neufundlaender-vom-baerenfels.de\/wp-content\/uploads\/2012\/10\/Teddy-120913a.jpg\"><img loading=\"lazy\" decoding=\"async\" class=\"aligncenter size-full wp-image-1659\" alt=\"Teddy 120913a\" src=\"https:\/\/www.neufundlaender-vom-baerenfels.de\/wp-content\/uploads\/2012\/10\/Teddy-120913a.jpg\" width=\"856\" height=\"561\" srcset=\"https:\/\/www.neufundlaender-vom-baerenfels.de\/wp-content\/uploads\/2012\/10\/Teddy-120913a.jpg 856w, https:\/\/www.neufundlaender-vom-baerenfels.de\/wp-content\/uploads\/2012\/10\/Teddy-120913a-300x196.jpg 300w, https:\/\/www.neufundlaender-vom-baerenfels.de\/wp-content\/uploads\/2012\/10\/Teddy-120913a-457x300.jpg 457w\" sizes=\"auto, (max-width: 856px) 100vw, 856px\" \/><\/a> <a href=\"https:\/\/www.neufundlaender-vom-baerenfels.de\/wp-content\/uploads\/2013\/09\/Teddy-180913-a.jpg\"><img loading=\"lazy\" decoding=\"async\" class=\"aligncenter size-full wp-image-1736\" alt=\"Teddy 180913 a\" src=\"https:\/\/www.neufundlaender-vom-baerenfels.de\/wp-content\/uploads\/2013\/09\/Teddy-180913-a.jpg\" width=\"768\" height=\"531\" srcset=\"https:\/\/www.neufundlaender-vom-baerenfels.de\/wp-content\/uploads\/2013\/09\/Teddy-180913-a.jpg 768w, https:\/\/www.neufundlaender-vom-baerenfels.de\/wp-content\/uploads\/2013\/09\/Teddy-180913-a-300x207.jpg 300w, https:\/\/www.neufundlaender-vom-baerenfels.de\/wp-content\/uploads\/2013\/09\/Teddy-180913-a-433x300.jpg 433w\" sizes=\"auto, (max-width: 768px) 100vw, 768px\" \/><\/a><a href=\"https:\/\/www.neufundlaender-vom-baerenfels.de\/wp-content\/uploads\/2013\/09\/Teddy-2409131.jpg\"><img loading=\"lazy\" decoding=\"async\" class=\"aligncenter size-full wp-image-1785\" alt=\"Teddy 2409131\" src=\"https:\/\/www.neufundlaender-vom-baerenfels.de\/wp-content\/uploads\/2013\/09\/Teddy-2409131.jpg\" width=\"827\" height=\"531\" srcset=\"https:\/\/www.neufundlaender-vom-baerenfels.de\/wp-content\/uploads\/2013\/09\/Teddy-2409131.jpg 827w, https:\/\/www.neufundlaender-vom-baerenfels.de\/wp-content\/uploads\/2013\/09\/Teddy-2409131-300x192.jpg 300w, https:\/\/www.neufundlaender-vom-baerenfels.de\/wp-content\/uploads\/2013\/09\/Teddy-2409131-467x300.jpg 467w\" sizes=\"auto, (max-width: 827px) 100vw, 827px\" \/><\/a><\/p>\n<h1>Nun ist es amtlich!<\/h1>\n<p>Unsere beiden Jungs haben ein Zuhause gefunden:<\/p>\n<p>Alfred vom B\u00e4renfels bleibt bei uns, da wir uns schon l\u00e4nger einen kr\u00e4ftigen, braunen R\u00fcden w\u00fcnschten.<\/p>\n<p>Auch der quirlige, schwarze Anton vom B\u00e4renfels bleibt in der N\u00e4he &#8211; \u00e4h &#8211; in der Familie: Unsere Tochter Lisa \u00fcbernimmt ihn und freut sich schon auf die bestimmt nicht leichte Erziehungsarbeit mit dem naseweisen Bub!<\/p>\n<p>Aber der B-Wurf geht komplett in fremde H\u00e4nde!!!!!<\/p>\n","protected":false},"excerpt":{"rendered":"<p>Ultraschall-Untersuchung am Donnerstag, 04.07.2013 best\u00e4tigt: Janka ist tr\u00e4chtig.Um den 08.08.2013 erwarten wir schwarze und braune Welpen!Vater:\u00a0\u00a0Lennox Bear vom Menhardsweiler Tal von Carolin K\u00fchnl, Laufach-HainMutter:\u00a0 Janka B\u00e4r von der Spessarth\u00f6he Abenteuer Geburt: Unsere Janka wurde bereits am Dienstag fr\u00fch, 06.08.2013 um 3:00 Uhr schlagartig unruhig und weckte gleich mal ihr Frauchen. In tiefster Dunkelheit wanderten dann &hellip; <a href=\"https:\/\/www.neufundlaender-vom-baerenfels.de\/?page_id=321\" class=\"more-link\"><span class=\"screen-reader-text\">A-Wurf<\/span> weiterlesen <span class=\"meta-nav\">&rarr;<\/span><\/a><\/p>\n","protected":false},"author":1,"featured_media":0,"parent":28,"menu_order":10,"comment_status":"closed","ping_status":"closed","template":"sidebar-page.php","meta":{"ngg_post_thumbnail":0,"footnotes":""},"class_list":["post-321","page","type-page","status-publish","hentry"],"_links":{"self":[{"href":"https:\/\/www.neufundlaender-vom-baerenfels.de\/index.php?rest_route=\/wp\/v2\/pages\/321","targetHints":{"allow":["GET"]}}],"collection":[{"href":"https:\/\/www.neufundlaender-vom-baerenfels.de\/index.php?rest_route=\/wp\/v2\/pages"}],"about":[{"href":"https:\/\/www.neufundlaender-vom-baerenfels.de\/index.php?rest_route=\/wp\/v2\/types\/page"}],"author":[{"embeddable":true,"href":"https:\/\/www.neufundlaender-vom-baerenfels.de\/index.php?rest_route=\/wp\/v2\/users\/1"}],"replies":[{"embeddable":true,"href":"https:\/\/www.neufundlaender-vom-baerenfels.de\/index.php?rest_route=%2Fwp%2Fv2%2Fcomments&post=321"}],"version-history":[{"count":43,"href":"https:\/\/www.neufundlaender-vom-baerenfels.de\/index.php?rest_route=\/wp\/v2\/pages\/321\/revisions"}],"predecessor-version":[{"id":2061,"href":"https:\/\/www.neufundlaender-vom-baerenfels.de\/index.php?rest_route=\/wp\/v2\/pages\/321\/revisions\/2061"}],"up":[{"embeddable":true,"href":"https:\/\/www.neufundlaender-vom-baerenfels.de\/index.php?rest_route=\/wp\/v2\/pages\/28"}],"wp:attachment":[{"href":"https:\/\/www.neufundlaender-vom-baerenfels.de\/index.php?rest_route=%2Fwp%2Fv2%2Fmedia&parent=321"}],"curies":[{"name":"wp","href":"https:\/\/api.w.org\/{rel}","templated":true}]}}